{"id":2718,"date":"2023-09-29T12:45:09","date_gmt":"2023-09-29T12:45:09","guid":{"rendered":"https:\/\/magyarjogaakademia.hu\/?page_id=2718"},"modified":"2023-09-29T12:45:10","modified_gmt":"2023-09-29T12:45:10","slug":"aszf","status":"publish","type":"page","link":"https:\/\/magyarjogaakademia.hu\/en\/aszf\/","title":{"rendered":"\u00c1ltal\u00e1nos szerz\u0151d\u00e9si felt\u00e9telek"},"content":{"rendered":"<p>Tartalom<\/p>\n\n\n\n<p><a href=\"#h_6334682228551695321814454\">I. Felek<\/a><\/p>\n\n\n\n<p><a href=\"#h_77494573110521695321834278\">I.1 Szolg\u00e1ltat\u00f3 adatai<\/a><\/p>\n\n\n\n<p><a href=\"#h_87877001412331695321850531\">I.2 Felhaszn\u00e1l\u00f3<\/a><\/p>\n\n\n\n<p><a href=\"#h_26482804814131695321856727\">II. \u00c1SZF c\u00e9lja, hat\u00e1lya \u00e9s k\u00f6zz\u00e9t\u00e9tele<\/a><\/p>\n\n\n\n<p><a href=\"#h_79027122515921695321865565\">III. A Szolg\u00e1ltat\u00e1s ig\u00e9nybe v\u00e9tele<\/a><\/p>\n\n\n\n<p><a href=\"#h_22954815819661695322014522\">III.1 Szolg\u00e1ltat\u00e1sok<\/a><\/p>\n\n\n\n<p><a href=\"#h_89690532421911695322105674\">III.1.1 Online tartalmak<\/a><\/p>\n\n\n\n<p><a href=\"#h_33685276624361695322136481\">III.1.2 Programok<\/a><\/p>\n\n\n\n<p><a href=\"#h_6924591837251695646012759\">III.1.3 Tags\u00e1g<\/a><\/p>\n\n\n\n<p><a href=\"#h_39167922733211695322474024\">III.2. Regisztr\u00e1ci\u00f3<\/a><\/p>\n\n\n\n<p><a href=\"#h_46364801134951695322484526\">III.3 D\u00edjfizet\u00e9s<\/a><\/p>\n\n\n\n<p><a href=\"#h_54377958936681695322498314\">III.4 Ism\u00e9tl\u0151d\u0151 bankk\u00e1rty\u00e1s fizet\u00e9s<\/a><\/p>\n\n\n\n<p><a href=\"#h_77551978738401695322508017\">III.5 A szolg\u00e1ltat\u00e1s haszn\u00e1lata<\/a><\/p>\n\n\n\n<p><a href=\"#h_71289667148101695322642329\">III.5.1 Online tartalmak<\/a><\/p>\n\n\n\n<p><a href=\"#h_95515571649931695322660121\">III.5.2 Jelenl\u00e9ti programok<\/a><\/p>\n\n\n\n<p><a href=\"#h_94279262651621695322675620\">IV. A Szolg\u00e1ltat\u00f3 jogai \u00e9s k\u00f6telezetts\u00e9gei<\/a><\/p>\n\n\n\n<p><a href=\"#h_89876995854121695322692213\">V. Felel\u0151ss\u00e9g<\/a><\/p>\n\n\n\n<p><a href=\"#h_14217226155791695322705815\">VI. Karbantart\u00e1s<\/a><\/p>\n\n\n\n<p><a href=\"#h_54245837157451695322743442\">VII. Adatkezel\u00e9s<\/a><\/p>\n\n\n\n<p><a href=\"#h_91765807659701695322793353\">VIII. El\u00e1ll\u00e1si jog, j\u00f3t\u00e1ll\u00e1s<\/a><\/p>\n\n\n\n<p><a href=\"#h_99011028861341695322816688\">IX. Szerz\u0151d\u00e9s megsz\u0171n\u00e9se<\/a><\/p>\n\n\n\n<p><a href=\"#h_2044850563251695322839159\">X. Vis maior<\/a><\/p>\n\n\n\n<p><a href=\"#h_4720347064871695322851620\">XI. Z\u00e1r\u00f3 rendelkez\u00e9sek<\/a><\/p>\n\n\n\n<p><a href=\"#h_72900235267621695322870571\">XII. Kapcsolattart\u00e1s<\/a><\/p>\n\n\n\n<h1 class=\"wp-block-heading\" id=\"h_6334682228551695321814454\">I. Felek<\/h1>\n\n\n\n<h2 class=\"wp-block-heading\" id=\"h_77494573110521695321834278\">I.1. Szolg\u00e1ltat\u00f3 adatai<\/h2>\n\n\n\n<p>C\u00e9gn\u00e9v: J\u00f3gater\u00e1pia Kft<\/p>\n\n\n\n<p>Sz\u00e9khely: 8200, Veszpr\u00e9m Ady Endre utca 77\/D 4\/9<\/p>\n\n\n\n<p>E-mail c\u00edm: yoga@yoga.hu<\/p>\n\n\n\n<p>K\u00e9pvisel\u0151 neve: Selmeci J\u00f3zsef Csongor<\/p>\n\n\n\n<p>Ad\u00f3sz\u00e1m: 25348002-1-19<\/p>\n\n\n\n<p>Nyilv\u00e1ntart\u00e1si sz\u00e1m: 1909517953<\/p>\n\n\n\n<p>Sz\u00e1mlavezet\u0151 bank: Magyar Bank Holding<\/p>\n\n\n\n<p>Banksz\u00e1mlasz\u00e1m: 73900092-18218305<\/p>\n\n\n\n<h2 class=\"wp-block-heading\" id=\"h_87877001412331695321850531\">I.2. Felhaszn\u00e1l\u00f3<\/h2>\n\n\n\n<ol class=\"wp-block-list\">\n<li>Felhaszn\u00e1l\u00f3nak min\u0151s\u00fcl minden olyan nagykor\u00fa term\u00e9szetes szem\u00e9ly, aki valamilyen form\u00e1ban haszn\u00e1lja a Szolg\u00e1ltat\u00e1st (a tov\u00e1bbiakban: a Felhaszn\u00e1l\u00f3).<\/li>\n<\/ol>\n\n\n\n<ol class=\"wp-block-list\">\n<li>Regisztr\u00e1lt Felhaszn\u00e1l\u00f3nak min\u0151s\u00fclnek azon Felhaszn\u00e1l\u00f3k, akik a regisztr\u00e1ci\u00f3s \u0171rlapot sikeresen kit\u00f6lt\u00f6tt\u00e9k \u00e9s elfogadt\u00e1k a jelen \u00c1SZF rendelkez\u00e9seit, valamint az Adatv\u00e9delmi t\u00e1j\u00e9koztat\u00f3ban foglaltakat. A regisztr\u00e1lt Felhaszn\u00e1l\u00f3k egy email c\u00edm \u00e9s jelsz\u00f3 p\u00e1rossal bejelentkezhetnek a Szolg\u00e1ltat\u00e1s bels\u0151 fel\u00fcleteire.<\/li>\n<\/ol>\n\n\n\n<h1 class=\"wp-block-heading\" id=\"h_26482804814131695321856727\">II. \u00c1SZF c\u00e9lja, hat\u00e1lya \u00e9s k\u00f6zz\u00e9t\u00e9tele<\/h1>\n\n\n\n<ol class=\"wp-block-list\">\n<li>Jelen \u00c1ltal\u00e1nos Szerz\u0151d\u00e9si Felt\u00e9telek (\u00c1SZF) a szolg\u00e1ltat\u00e1st ny\u00fajt\u00f3 Szolg\u00e1ltat\u00f3 \u00e9s a szolg\u00e1ltat\u00e1st ig\u00e9nybe vev\u0151 Felhaszn\u00e1l\u00f3 k\u00f6z\u00f6tt a szolg\u00e1ltat\u00e1s ig\u00e9nybev\u00e9tel\u00e9re vonatkoz\u00f3 \u00e1ltal\u00e1nos felt\u00e9teleket \u00e9s a szolg\u00e1ltat\u00e1s ig\u00e9nybev\u00e9tele sor\u00e1n a Felek k\u00f6z\u00f6tt megl\u00e9v\u0151 jogokat \u00e9s k\u00f6telezetts\u00e9geket tartalmazza.<\/li>\n<\/ol>\n\n\n\n<ol class=\"wp-block-list\">\n<li>A Felhaszn\u00e1l\u00f3 mag\u00e1ra n\u00e9zve k\u00f6telez\u0151nek fogadja el a jelen \u00c1SZF-et. Az \u00c1SZF ily m\u00f3don val\u00f3 elfogad\u00e1sa egyben azt is jelenti, hogy a Felhaszn\u00e1l\u00f3 k\u00f6telezetts\u00e9get v\u00e1llal arra, hogy a jelen \u00c1SZF v\u00e1ltoz\u00e1sait nyomon k\u00f6veti.<\/li>\n<\/ol>\n\n\n\n<ol class=\"wp-block-list\">\n<li>A Szolg\u00e1ltat\u00f3 a jelen \u00c1SZF felt\u00e9teleit egyoldal\u00faan m\u00f3dos\u00edthatja.<\/li>\n<\/ol>\n\n\n\n<ol class=\"wp-block-list\">\n<li>A Szolg\u00e1ltat\u00f3 az \u00c1SZF m\u00f3dos\u00edt\u00e1s\u00e1r\u00f3l a Felhaszn\u00e1l\u00f3nak nem k\u00f6teles el\u0151zetes \u00edr\u00e1sos t\u00e1j\u00e9koztat\u00e1st adni.<\/li>\n<\/ol>\n\n\n\n<ol class=\"wp-block-list\">\n<li>A m\u00f3dos\u00edtott \u00c1SZF hat\u00e1lyba l\u00e9p\u00e9s\u00e9nek napja az a nap, amelyen a m\u00f3dos\u00edtott \u00c1SZF publik\u00e1l\u00e1sra ker\u00fclt a Szolg\u00e1ltat\u00f3 weboldal\u00e1n, a http:\/\/tudastar.magyarjogaakademia.hu\/aszf c\u00edmen.<\/li>\n<\/ol>\n\n\n\n<ol class=\"wp-block-list\">\n<li>Jelen \u00c1SZF 2023. janu\u00e1r 1. napj\u00e1t\u00f3l hat\u00e1rozatlan ideig sz\u00f3l.<\/li>\n<\/ol>\n\n\n\n<h1 class=\"wp-block-heading\" id=\"h_79027122515921695321865565\">III. A Szolg\u00e1ltat\u00e1s ig\u00e9nybe v\u00e9tele<\/h1>\n\n\n\n<h2 class=\"wp-block-heading\" id=\"h_22954815819661695322014522\">III.1 Szolg\u00e1ltat\u00e1sok<\/h2>\n\n\n\n<h3 class=\"wp-block-heading\" id=\"h_89690532421911695322105674\">III.1.1 Online tartalmak<\/h3>\n\n\n\n<ol class=\"wp-block-list\">\n<li>A tudastar.magyarjogaakademia.hu egy j\u00f3g\u00e1val, \u00e9s eg\u00e9szs\u00e9gmeg\u0151rz\u00e9ssel foglalkoz\u00f3 online oktat\u00e1si fel\u00fclet, mely elektronikus oktat\u00e1si anyagokat (=kurzusokat) k\u00edn\u00e1l (vide\u00f3k, f\u00e1jlok, sz\u00f6vegek, k\u00e9pek, k\u00e9rd\u00e9ssorok, hangf\u00e1jlok, linkek, illusztr\u00e1ci\u00f3k, stb.) az \u00e9rdekl\u0151d\u0151 Felhaszn\u00e1l\u00f3k sz\u00e1m\u00e1ra. Az oktat\u00e1si anyagok v\u00e1s\u00e1rl\u00e1s\u00e1hoz \u00e9s megtekint\u00e9s\u00e9hez a Felhaszn\u00e1l\u00f3knak az oldalon regisztr\u00e1lniuk sz\u00fcks\u00e9ges.<\/li>\n<\/ol>\n\n\n\n<ol class=\"wp-block-list\">\n<li>A szerz\u0151d\u00e9sk\u00f6t\u00e9s, regisztr\u00e1ci\u00f3 folyamata:<\/li>\n\n\n\n<li>A kurzus kiv\u00e1laszt\u00e1sa<br>2. Regisztr\u00e1ci\u00f3<br>3.&nbsp; Fizet\u00e9si m\u00f3d kiv\u00e1laszt\u00e1sa, fizet\u00e9s (utal\u00e1s eset\u00e9n, az utal\u00e1si \u00f6sszeg be\u00e9rkez\u00e9s\u00e9t k\u00f6vet\u0151 48 \u00f3r\u00e1n bel\u00fcl hozz\u00e1f\u00e9rhet\u0151ek a tananyagok, bankk\u00e1rty\u00e1s \u00e9s Barionos fizet\u00e9s eset\u00e9n azonnal.)<\/li>\n<\/ol>\n\n\n\n<ol class=\"wp-block-list\">\n<li>A vide\u00f3k, egy\u00e9b anyagok ment\u00e9se, m\u00e1sol\u00e1sa, tov\u00e1bb\u00edt\u00e1sa, t\u00f6bbsz\u00f6r\u00f6z\u00e9se, tov\u00e1bbi feldolgoz\u00e1sa tilos.<\/li>\n<\/ol>\n\n\n\n<h3 class=\"wp-block-heading\" id=\"h_33685276624361695322136481\">III.1.2 Programok<\/h3>\n\n\n\n<ol class=\"wp-block-list\">\n<li>A programok \u00e9l\u0151ben vagy online ker\u00fclnek megrendez\u00e9sre. Err\u0151l a programhoz l\u00e9trehozott kurzus le\u00edr\u00e1s\u00e1ban olvashat a Felhaszn\u00e1l\u00f3.<\/li>\n\n\n\n<li>A programok eset\u00e9n minden esetben el\u0151zetes jelentkez\u00e9st k\u00e9r\u00fcnk, el\u0151leg vagy a teljes \u00f6sszeg befizet\u00e9s\u00e9vel, a program meghirdet\u00e9sekor k\u00f6zz\u00e9tett r\u00e9szletek szerint.<\/li>\n\n\n\n<li>A program kezdeti id\u0151pontj\u00e1t megel\u0151z\u0151 lemond\u00e1s eset\u00e9n az el\u0151leg \u00f6sszeg\u00e9t elvesz\u00edti a jelentkez\u0151, de tov\u00e1bbi befizet\u00e9sre nem k\u00f6telezhet\u0151.<\/li>\n\n\n\n<li>A program kezdeti id\u0151pontj\u00e1t k\u00f6vet\u0151 lemond\u00e1s eset\u00e9n a teljes d\u00edjat a Szolg\u00e1ltat\u00f3 nem k\u00f6teles visszat\u00e9r\u00edteni.<\/li>\n\n\n\n<li>Amennyiben a programot a Szolg\u00e1ltat\u00f3 mondja le (p\u00e9ld\u00e1ul nincs meg a kell\u0151 l\u00e9tsz\u00e1m), a teljes befizetett \u00f6sszeg visszaj\u00e1r, vagy felhaszn\u00e1lhat\u00f3 m\u00e1s term\u00e9kre vagy szolg\u00e1ltat\u00e1sra (p\u00e9ld\u00e1ul tags\u00e1g v\u00e1s\u00e1rl\u00e1sra).<\/li>\n<\/ol>\n\n\n\n<h3 class=\"wp-block-heading\" id=\"h_6924591837251695646012759\">III.1.3 Tags\u00e1g<\/h3>\n\n\n\n<ol class=\"wp-block-list\">\n<li>A tags\u00e1gi rendszer a k\u00f6vetkez\u0151 szolg\u00e1ltat\u00e1sokat foglalhatja mag\u00e1ba:<\/li>\n<\/ol>\n\n\n\n<ul class=\"wp-block-list\">\n<li>Hozz\u00e1f\u00e9r\u00e9s adott online tartalmakhoz.<\/li>\n\n\n\n<li>R\u00e9szv\u00e9tel az online tartott \u00e9l\u0151 programokon.<\/li>\n\n\n\n<li>R\u00e9szv\u00e9tel jelenl\u00e9ti programokon.<\/li>\n\n\n\n<li>Kedvezm\u00e9nyek bizonyos online tartalmakra.<\/li>\n<\/ul>\n\n\n\n<p>A k\u00fcl\u00f6nb\u00f6z\u0151 tags\u00e1gokkal j\u00e1r\u00f3 szolg\u00e1ltat\u00e1sokat a kurzusok adatlapj\u00e1n a szolg\u00e1ltat\u00f3 r\u00e9szletesen le\u00edrja.<\/p>\n\n\n\n<ol class=\"wp-block-list\">\n<li>A tags\u00e1g \u00e9rv\u00e9nyess\u00e9ge minden esetben a tags\u00e1gt\u00edpusok le\u00edr\u00e1s\u00e1n\u00e1l tal\u00e1lhat\u00f3. Amennyiben a tags\u00e1got a weboldalon meghat\u00e1rozott id\u0151szakon t\u00fal k\u00edv\u00e1nja felhaszn\u00e1lni, annak \u00e9rt\u00e9k\u00e9t nem \u00e1ll m\u00f3dunkban az \u00d6n \u2013 vagy megaj\u00e1nd\u00e9kozottja \u2013 r\u00e9sz\u00e9re visszafizetni.<\/li>\n\n\n\n<li>A tags\u00e1g lej\u00e1rt\u00e1val az \u00d6n \u00e9s a Szolg\u00e1ltat\u00f3 k\u00f6z\u00f6tt l\u00e9trej\u00f6tt szerz\u0151d\u00e9s megsz\u0171nik. A tags\u00e1ggal el\u00e9rhet\u0151 anyagok a tags\u00e1g v\u00e9gezt\u00e9vel nem \u00e9rhet\u0151k el t\u00f6bb\u00e9.<\/li>\n\n\n\n<li>A tags\u00e1got t\u00f6bb kateg\u00f3ri\u00e1ban is k\u00edn\u00e1ljuk \u00d6nnek. Az aktu\u00e1lis kateg\u00f3ri\u00e1kr\u00f3l \u00e9s azok r\u00e9szletes tartalm\u00e1r\u00f3l a v\u00e1s\u00e1rl\u00e1s el\u0151tt a tudastar.magyarjogaakademia.hu oldalon t\u00e1j\u00e9koz\u00f3dhat.<\/li>\n<\/ol>\n\n\n\n<h2 class=\"wp-block-heading\" id=\"h_39167922733211695322474024\">III.2. Regisztr\u00e1ci\u00f3<\/h2>\n\n\n\n<ol class=\"wp-block-list\">\n<li>A tudastar.magyarjogaakademia.hu szolg\u00e1ltat\u00e1sainak ig\u00e9nybev\u00e9tele regisztr\u00e1ci\u00f3hoz k\u00f6t\u00f6tt. A regisztr\u00e1ci\u00f3val a Felhaszn\u00e1l\u00f3 elfogadja \u00e9s mag\u00e1ra n\u00e9zve k\u00f6telez\u0151nek ismeri el a jelen \u00c1SZF rendelkez\u00e9seit, valamint kijelenti, hogy megismerte \u00e9s elfogadja az Adatv\u00e9delmi t\u00e1j\u00e9koztat\u00f3ban le\u00edrtakat.<\/li>\n<\/ol>\n\n\n\n<ol class=\"wp-block-list\">\n<li>A Felhaszn\u00e1l\u00f3 k\u00f6teles a szolg\u00e1ltat\u00e1s ig\u00e9nybev\u00e9tel\u00e9hez sz\u00fcks\u00e9ges azonos\u00edt\u00f3kat (k\u00fcl\u00f6n\u00f6s tekintettel a Felhaszn\u00e1l\u00f3 n\u00e9vre \u00e9s jelsz\u00f3ra) titokban tartani. A jogosulatlan haszn\u00e1latb\u00f3l ered\u0151 k\u00e1rok\u00e9rt a Felhaszn\u00e1l\u00f3 felel.<\/li>\n<\/ol>\n\n\n\n<ol class=\"wp-block-list\">\n<li>A Felhaszn\u00e1l\u00f3 felel az \u00e1ltala a regisztr\u00e1ci\u00f3kor \u00e9s a k\u00e9s\u0151bbiekben a Felhaszn\u00e1l\u00f3i profil oldal\u00e1n megadott adatok\u00e9rt (n\u00e9v, profilk\u00e9p, sz\u00e1ml\u00e1z\u00e1si adatok, kapcsolattart\u00e1shoz sz\u00fcks\u00e9ges adatok, stb.) \u00e9s azok hiteless\u00e9g\u00e9\u00e9rt.<\/li>\n<\/ol>\n\n\n\n<ol class=\"wp-block-list\">\n<li>A regisztr\u00e1ci\u00f3val l\u00e9trej\u00f6n a Felhaszn\u00e1l\u00f3 szem\u00e9lyes Felhaszn\u00e1l\u00f3i fi\u00f3kja, melyet a tov\u00e1bbiakban a regisztr\u00e1ci\u00f3kor megadott Felhaszn\u00e1l\u00f3n\u00e9vvel \u00e9s jelsz\u00f3val \u00e9rhet el a rendszerbe t\u00f6rt\u00e9n\u0151 bejelentkez\u00e9s ut\u00e1n.<\/li>\n<\/ol>\n\n\n\n<ol class=\"wp-block-list\">\n<li>Amennyiben a Felhaszn\u00e1l\u00f3i fi\u00f3kot t\u00f6bb szem\u00e9ly haszn\u00e1lja, a Szolg\u00e1ltat\u00f3 jogosult a Felhaszn\u00e1l\u00f3 Felhaszn\u00e1l\u00f3i fi\u00f3kj\u00e1nak felf\u00fcggeszt\u00e9s\u00e9re vagy t\u00f6rl\u00e9s\u00e9re. 30 napon bel\u00fcl 3, a rendszer \u00e1ltal regisztr\u00e1lt Felhaszn\u00e1l\u00f3i fi\u00f3k megoszt\u00e1s eset\u00e9n a Felhaszn\u00e1l\u00f3i fi\u00f3kot a Szolg\u00e1ltat\u00f3 jogosult v\u00e9glegesen felf\u00fcggeszteni vagy t\u00f6r\u00f6lni.<\/li>\n<\/ol>\n\n\n\n<ol class=\"wp-block-list\">\n<li>A Felhaszn\u00e1l\u00f3nak halad\u00e9ktalanul t\u00e1j\u00e9koztatnia kell a Szolg\u00e1ltat\u00f3t, amint tudom\u00e1st szerez arr\u00f3l, hogy egy jogosulatlan harmadik f\u00e9l ismeri hozz\u00e1f\u00e9r\u00e9si adatait vagy jelszavait. Emellett a Felhaszn\u00e1l\u00f3 k\u00f6teles jelszav\u00e1t azonnal megv\u00e1ltoztatni, ha \u00fagy gondolja, hogy ahhoz egy harmadik f\u00e9l hozz\u00e1f\u00e9rhetett.<\/li>\n<\/ol>\n\n\n\n<h2 class=\"wp-block-heading\" id=\"h_46364801134951695322484526\">III.3. D\u00edjfizet\u00e9s<\/h2>\n\n\n\n<ol class=\"wp-block-list\">\n<li>Azon tartalmak el\u00e9r\u00e9se, melyekhez a Szolg\u00e1ltat\u00e1sban ellen\u00e9rt\u00e9ket hat\u00e1roztak meg, csak d\u00edjfizet\u00e9s ellen\u00e9ben lehets\u00e9ges.<\/li>\n<\/ol>\n\n\n\n<ol class=\"wp-block-list\">\n<li>A d\u00edjfizet\u00e9ssel a Felhaszn\u00e1l\u00f3 hozz\u00e1f\u00e9r\u00e9st v\u00e1s\u00e1rol az oktat\u00e1si anyagokhoz \u00e9s\/vagy a programokhoz. A hozz\u00e1f\u00e9r\u00e9s lehet id\u0151ben korl\u00e1tos vagy k\u00fcl\u00f6n korl\u00e1toz\u00e1s n\u00e9lk\u00fcli, melyet az adott oktat\u00e1si anyagn\u00e1l k\u00fcl\u00f6n felt\u00fcntet a Szolg\u00e1ltat\u00f3 (ennek hi\u00e1ny\u00e1ban a tartalom k\u00fcl\u00f6n korl\u00e1toz\u00e1s n\u00e9lk\u00fclinek min\u0151s\u00fcl).<\/li>\n<\/ol>\n\n\n\n<ol class=\"wp-block-list\">\n<li>A Felhaszn\u00e1l\u00f3 csak akkor jogosult az oktat\u00e1si anyag megtekint\u00e9s\u00e9re, ha annak ellen\u00e9rt\u00e9ke a Szolg\u00e1ltat\u00f3 sz\u00e1ml\u00e1j\u00e1n j\u00f3v\u00e1\u00edr\u00e1sra ker\u00fclt.<\/li>\n<\/ol>\n\n\n\n<ol class=\"wp-block-list\">\n<li>A Felhaszn\u00e1l\u00f3 a v\u00e1s\u00e1rl\u00e1s\u00e1val kijelenti, hogy jelen \u00c1SZF, \u00e9s a weboldalon k\u00f6zz\u00e9tett Adatv\u00e9delmi t\u00e1j\u00e9koztat\u00f3 felt\u00e9teleit elfogadja, az Adatv\u00e9delmi t\u00e1j\u00e9koztat\u00f3ban foglalt adatkezel\u00e9sekhez hozz\u00e1j\u00e1rul.<\/li>\n<\/ol>\n\n\n\n<ol class=\"wp-block-list\">\n<li>A tudastar.magyarjogaakademia.hu weboldalon l\u00e1that\u00f3 \u00e1rak forintban \u00e9rtend\u0151k, az \u00e1f\u00e1t tartalmazz\u00e1k.<\/li>\n<\/ol>\n\n\n\n<ol class=\"wp-block-list\">\n<li>Az \u00e1rak t\u00e1j\u00e9koztat\u00f3 jelleg\u0171ek. Nem z\u00e1rhat\u00f3 ki annak a lehet\u0151s\u00e9ge, hogy \u00fczletpolitikai okb\u00f3l az Szolg\u00e1ltat\u00f3 az \u00e1rakat m\u00f3dos\u00edtsa. Az \u00e1rak m\u00f3dos\u00edt\u00e1sa nem terjed ki a m\u00e1r megk\u00f6t\u00f6tt szerz\u0151d\u00e9sekre.<\/li>\n<\/ol>\n\n\n\n<ol class=\"wp-block-list\">\n<li>A v\u00e1s\u00e1rl\u00e1s lehets\u00e9ges: <em>szem\u00e9lyesen<\/em>, <em>k\u00e9szp\u00e9nzzel<\/em> vagy <em>banki \u00e1tutal\u00e1ssal<\/em>, valamint a Barion rendszer\u00e9n kereszt\u00fcl <em>online bankk\u00e1rty\u00e1s fizet\u00e9ssel<\/em>, tov\u00e1bb\u00e1 <em>ism\u00e9tl\u0151d\u0151 fizet\u00e9ssel<\/em>.<\/li>\n<\/ol>\n\n\n\n<ol class=\"wp-block-list\">\n<li>Az online bankk\u00e1rty\u00e1s fizet\u00e9sek a Barion rendszer\u00e9n kereszt\u00fcl val\u00f3sulnak meg. A bankk\u00e1rtya adatok a keresked\u0151h\u00f6z nem jutnak el. A Barion Payment Zrt. a Magyar Nemzeti Bank fel\u00fcgyelete alatt \u00e1ll\u00f3 int\u00e9zm\u00e9ny, enged\u00e9ly\u00e9nek sz\u00e1ma: H-EN-I-1064\/2013.<\/li>\n<\/ol>\n\n\n\n<ol class=\"wp-block-list\">\n<li><strong>A banki \u00e1tutal\u00e1shoz sz\u00fcks\u00e9ges inform\u00e1ci\u00f3k:<\/strong><\/li>\n<\/ol>\n\n\n\n<ul class=\"wp-block-list\">\n<li>Kedvezm\u00e9nyezett neve: J\u00f3gater\u00e1pia Kft<\/li>\n\n\n\n<li>Magyar Bank Holding<\/li>\n\n\n\n<li>Sz\u00e1mlasz\u00e1m: 73900092-18218305<\/li>\n<\/ul>\n\n\n\n<p><strong>A megjegyz\u00e9s rovatban minden \u00e1tutal\u00e1skor k\u00e9rj\u00fck felt\u00fcntetni:<\/strong><\/p>\n\n\n\n<ul class=\"wp-block-list\">\n<li>A Fogyaszt\u00f3 nev\u00e9t<\/li>\n\n\n\n<li>Pontosan milyen d\u00edjr\u00f3l van sz\u00f3.<\/li>\n\n\n\n<li>A Fogyaszt\u00f3 sz\u00e1ml\u00e1z\u00e1si c\u00edm\u00e9t.<\/li>\n<\/ul>\n\n\n\n<ol class=\"wp-block-list\">\n<li>A szolg\u00e1ltat\u00e1s ig\u00e9nybev\u00e9telre val\u00f3 jogosults\u00e1g megszerz\u00e9sekor a szolg\u00e1ltat\u00f3 e-mailben \u00e9rtes\u00edti a Felhaszn\u00e1l\u00f3t. Havi\/2 havi\/ 3 havi el\u0151fizet\u00e9s eset\u00e9n a hozz\u00e1f\u00e9r\u00e9s \u00e9rv\u00e9nyess\u00e9ge az e-mailes \u00e9rt\u00e9s\u00edt\u00e9st\u0151l sz\u00e1m\u00edtott 30\/60\/90 nap. K\u00fcl\u00f6nd\u00edj ellen\u00e9ben megtekinthet\u0151 \u00f3rat\u00edpusok eset\u00e9ben a hozz\u00e1f\u00e9r\u00e9s a megv\u00e1s\u00e1rolt vide\u00f3(k) megtekint\u00e9s\u00e9re \u00e9rv\u00e9nyes. Aj\u00e1nd\u00e9kutalv\u00e1ny v\u00e1s\u00e1rl\u00e1sa eset\u00e9n, a Szolg\u00e1ltat\u00f3 bel\u00e9p\u00e9si kuponk\u00f3dot biztos\u00edt a Felhaszn\u00e1l\u00f3nak, amely a kuponk\u00f3d aktiv\u00e1l\u00e1s\u00e1nak napj\u00e1t\u00f3l \u00e9rv\u00e9nyes (halasztott aktiv\u00e1l\u00e1s).<\/li>\n<\/ol>\n\n\n\n<ol class=\"wp-block-list\">\n<li>A befizet\u00e9sr\u0151l a Szolg\u00e1ltat\u00f3 sz\u00e1ml\u00e1t \u00e1ll\u00edt ki, melyet a jelentkez\u00e9skor megadott email c\u00edmre megk\u00fcld a Felhaszn\u00e1l\u00f3 r\u00e9sz\u00e9re. A sz\u00e1mla ki\u00e1ll\u00edt\u00e1s\u00e1nak k\u00e9sedelme vagy elmarad\u00e1sa nem min\u0151s\u00fcl a d\u00edjr\u00f3l val\u00f3 lemond\u00e1snak.<\/li>\n<\/ol>\n\n\n\n<h2 class=\"wp-block-heading\" id=\"h_54377958936681695322498314\">III.4 Ism\u00e9tl\u0151d\u0151 bankk\u00e1rty\u00e1s fizet\u00e9s<\/h2>\n\n\n\n<ol class=\"wp-block-list\">\n<li>A tudastar.magyarjogaakademia.hu honlapon lehet\u0151s\u00e9g van tags\u00e1g megrendel\u00e9s\u00e9re. Az Ism\u00e9tl\u0151d\u0151 fizet\u00e9s egy, a Barion Payment Zrt \u00e1ltal biztos\u00edtott, bankk\u00e1rtya-elfogad\u00e1shoz tartoz\u00f3 funkci\u00f3, mely alapj\u00e1n a Vev\u0151 (K\u00e1rtyabirtokos) \u00e1ltal a regisztr\u00e1ci\u00f3s tranzakci\u00f3 alkalm\u00e1val megadott bankk\u00e1rtyaadatokkal a j\u00f6v\u0151ben \u00fajabb fizet\u00e9seket lehet kezdem\u00e9nyezni a bankk\u00e1rtyaadatok \u00fajb\u00f3li megad\u00e1sa n\u00e9lk\u00fcl. A Barion Payment Zrt. fog szerepelni a sz\u00e1mlakivonatokon.<\/li>\n\n\n\n<li>Az Ism\u00e9tl\u0151d\u0151 fizet\u00e9s l\u00e9nyege, hogy a Vev\u0151 a megrendelni k\u00edv\u00e1nt term\u00e9k, vagy szolg\u00e1ltat\u00e1s megrendel\u00e9skor (a term\u00e9k megrendel\u0151 \u0171rlap fel\u00fclet\u00e9n) elfogadja (egy erre vonatkoz\u00f3 jel\u00f6l\u0151n\u00e9gyzet kipip\u00e1l\u00e1s\u00e1val), hogy Ism\u00e9tl\u0151d\u0151 fizet\u00e9st k\u00edv\u00e1n ig\u00e9nybe venni.<\/li>\n\n\n\n<li>Az Ism\u00e9tl\u0151d\u0151 fizet\u00e9s t\u00edpusa (Egyszeri hozz\u00e1j\u00e1rul\u00e1s sz\u00fcks\u00e9ges): a Vev\u0151 a regisztr\u00e1ci\u00f3s tranzakci\u00f3 alkalm\u00e1val hozz\u00e1j\u00e1rul, hogy a Keresked\u0151 a j\u00f6v\u0151ben esed\u00e9kess\u00e9 v\u00e1l\u00f3 \u00f6sszegekre ism\u00e9tl\u0151d\u0151 fizet\u00e9st kezdem\u00e9nyezzen, \u00e9s elfogadja, hogy ezzel el\u0151re meghat\u00e1rozott id\u0151k\u00f6z\u00f6nk\u00e9nt, el\u0151re meghat\u00e1rozott \u00f6sszegekkel terhel\u00e9sre ker\u00fcl a bankk\u00e1rty\u00e1j\u00e1hoz tartoz\u00f3 banksz\u00e1mlasz\u00e1m.<\/li>\n\n\n\n<li>Az el\u0151fizet\u00e9s legr\u00f6videbb id\u0151tartama 30 nap. Jogszer\u0171 felmond\u00e1s hi\u00e1ny\u00e1ban minden 30 napos el\u0151fizet\u00e9s, az aktu\u00e1lis el\u0151fizet\u00e9si id\u0151szak utols\u00f3 napj\u00e1n, automatikusan, tov\u00e1bbi 30 nappal meghosszabbodik.<\/li>\n\n\n\n<li>A Felhaszn\u00e1l\u00f3 az adott el\u0151fizet\u00e9si id\u0151szak utols\u00f3 napj\u00e1ig jogosult az el\u0151fizet\u00e9st lemondani. Ebben az esetben az el\u0151fizet\u00e9s nem hosszabbodik meg, teh\u00e1t az adott id\u0151szak utols\u00f3 napj\u00e1n megsz\u0171nik. A lemond\u00e1st a Felhaszn\u00e1l\u00f3 a tudastar.magyarjogaakademia.hu oldalon a Profilj\u00e1ba l\u00e9pve teheti meg.<\/li>\n<\/ol>\n\n\n\n<h2 class=\"wp-block-heading\" id=\"h_77551978738401695322508017\">III.5. A szolg\u00e1ltat\u00e1s haszn\u00e1lata<\/h2>\n\n\n\n<h3 class=\"wp-block-heading\" id=\"h_71289667148101695322642329\">Online tartalmak<\/h3>\n\n\n\n<ol class=\"wp-block-list\">\n<li>A Szolg\u00e1ltat\u00e1sban el\u00e9rhet\u0151 tartalmakat (k\u00fcl\u00f6n\u00f6sen, de nem kiz\u00e1r\u00f3lag az online vide\u00f3kat) csak a Szolg\u00e1ltat\u00e1s fel\u00fclet\u00e9n lehet megtekinteni, azokat let\u00f6lteni, m\u00e1solni, sokszoros\u00edtani, megosztani, m\u00e1sok sz\u00e1m\u00e1ra hozz\u00e1f\u00e9rhet\u0151v\u00e9 tenni szigor\u00faan tilos.<\/li>\n\n\n\n<li>A Felhaszn\u00e1l\u00f3 a Szolg\u00e1ltat\u00e1s fel\u00fclet\u00e9n megtekintett tartalmat, vagy annak b\u00e1rmely r\u00e9sz\u00e9t, csak a szerz\u0151i \u00e9s szellemi alkot\u00e1sokr\u00f3l sz\u00f3l\u00f3 jogszab\u00e1lyok, k\u00fcl\u00f6n\u00f6sen a szerz\u0151i jogr\u00f3l sz\u00f3l\u00f3 1999. \u00e9vi LXXVI. t\u00f6rv\u00e9ny megtart\u00e1s\u00e1val haszn\u00e1lhatja fel.<\/li>\n\n\n\n<li>A tudastar.magyarjogaakademia.hu oldalon tal\u00e1lhat\u00f3 minden tartalom a J\u00f3gater\u00e1pia Kft. tulajdon\u00e1t k\u00e9pezik \u00e9s szerz\u0151i jogv\u00e9delem alatt \u00e1llnak.<\/li>\n\n\n\n<li>A szerz\u0151i jogok b\u00e1rmely megs\u00e9rt\u00e9s\u00e9b\u0151l ered\u0151 minden k\u00e1r\u00e9rt felel\u0151ss\u00e9g a jogs\u00e9rt\u0151 Felhaszn\u00e1l\u00f3t terheli.<\/li>\n\n\n\n<li>A Felhaszn\u00e1l\u00f3 tudom\u00e1sul veszi, hogy a Szolg\u00e1ltat\u00e1s megsz\u0171n\u00e9s\u00e9vel a m\u00e1r megv\u00e1s\u00e1rolt hozz\u00e1f\u00e9r\u00e9seket t\u00f6bb\u00e9 nem \u00e9ri el \u00e9s ez\u00e9rt a Szolg\u00e1ltat\u00f3 semmilyen felel\u0151ss\u00e9ggel \u00e9s k\u00e1rt\u00e9r\u00edt\u00e9ssel nem tartozik a Felhaszn\u00e1l\u00f3 fel\u00e9.<\/li>\n\n\n\n<li>Amennyiben a Szolg\u00e1ltat\u00e1s haszn\u00e1lat\u00e1val \u00f6sszef\u00fcgg\u0151 b\u00e1rmely tev\u00e9kenys\u00e9g a Felhaszn\u00e1l\u00f3 \u00e1llam\u00e1nak joga szerint nem megengedett, a haszn\u00e1lat\u00e9rt kiz\u00e1r\u00f3lag Felhaszn\u00e1l\u00f3 terheli a felel\u0151ss\u00e9g.<\/li>\n<\/ol>\n\n\n\n<h3 class=\"wp-block-heading\" id=\"h_95515571649931695322660121\">Jelenl\u00e9ti programok<\/h3>\n\n\n\n<ol class=\"wp-block-list\">\n<li>A kurzusokon val\u00f3 r\u00e9szv\u00e9tel lehet\u0151s\u00e9ge az a jelen \u00e1ltal\u00e1nos szerz\u0151d\u00e9si felt\u00e9telekben foglaltak szerint b\u00e1rki r\u00e9sz\u00e9re nyitva \u00e1ll a k\u00f6vetkez\u0151 megszor\u00edt\u00e1sokkal.<\/li>\n\n\n\n<li>A kurzuson val\u00f3 r\u00e9szv\u00e9telb\u0151l a Magyar J\u00f3ga Akad\u00e9mia k\u00e9pviselet\u00e9ben elj\u00e1r\u00f3, jelen l\u00e9v\u0151 oktat\u00f3 jogosult kiz\u00e1rni azt, aki az alapvet\u0151 higi\u00e9niai felt\u00e9teleknek nem felel meg, azaz: a k\u00f6telez\u0151 tiszt\u00e1lkod\u00e1st megtagadja; eg\u00e9szs\u00e9gi \u00e1llapota, szem\u00e9lyes higi\u00e9n\u00e9je a kurzus t\u00f6bbi r\u00e9sztvev\u0151j\u00e9nek eg\u00e9szs\u00e9g\u00e9t, nyilv\u00e1nval\u00f3an vesz\u00e9lyezteti. Tov\u00e1bb\u00e1 az, aki magatart\u00e1s\u00e1val a kurzuson r\u00e9sztvev\u0151k testi \u00e9ps\u00e9g\u00e9t vagy sz\u00e1nd\u00e9kos, vagy s\u00falyosan gondatlan magatart\u00e1s\u00e1val vesz\u00e9lyezteti; viselked\u00e9s\u00e9vel a t\u00e1rsas egy\u00fcttm\u0171k\u00f6d\u00e9s alapvet\u0151 etikai szab\u00e1lyait \u00e1th\u00e1gja a kurzus menet\u00e9t sz\u00e1nd\u00e9kosan h\u00e1tr\u00e1ltatja vagy megakad\u00e1lyozza.<\/li>\n\n\n\n<li>A Szolg\u00e1ltat\u00f3 fenntartja a jogot, hogy amennyiben a r\u00e9sztvev\u0151t a kurzuson val\u00f3 r\u00e9szv\u00e9telb\u0151l a fentiek miatt kiz\u00e1rta, a tov\u00e1bbi kurzusokra val\u00f3 jelentkez\u00e9s lehet\u0151s\u00e9g\u00e9t t\u0151le el\u0151re megtagadja.<\/li>\n\n\n\n<li>A r\u00e9sztvev\u0151k a program helysz\u00edn\u00e9t, valamint annak felszerel\u00e9si t\u00e1rgyait, a rendelkez\u00e9sre bocs\u00e1tott eszk\u00f6z\u00f6ket kiz\u00e1r\u00f3lag a jelen szerz\u0151d\u00e9sben r\u00f6gz\u00edtett c\u00e9lokra \u00e9s rendeltet\u00e9sszer\u0171en jogosultak haszn\u00e1lni, \u00e9s felel\u0151sek az azokban a magatart\u00e1sukkal \u00f6sszef\u00fcgg\u00e9sben felmer\u00fclt k\u00e1rok\u00e9rt.<\/li>\n\n\n\n<li>Amennyiben a jelentkez\u0151 valamilyen kor\u00e1bbi s\u00e9r\u00fcl\u00e9ssel rendelkezik, k\u00f6teles az oktat\u00f3t err\u0151l el\u0151zetesen \u00e9rtes\u00edteni legal\u00e1bb az els\u0151 alkalom el\u0151tti id\u0151pontig.<\/li>\n<\/ol>\n\n\n\n<h1 class=\"wp-block-heading\" id=\"h_94279262651621695322675620\">IV. A Szolg\u00e1ltat\u00f3 jogai \u00e9s k\u00f6telezetts\u00e9gei<\/h1>\n\n\n\n<ol class=\"wp-block-list\">\n<li>A Szolg\u00e1ltat\u00e1s weboldala \u00e9s a weboldalon tal\u00e1lhat\u00f3 valamennyi tartalom, vide\u00f3f\u00e1jl, hanganyag, f\u00e1jl, sz\u00f6veg, grafika, \u00e1bra a Szolg\u00e1ltat\u00f3 \u00e9s partnerei kiz\u00e1r\u00f3lagos tulajdon\u00e1t k\u00e9pezi. A weboldal a szerz\u0151i jogr\u00f3l sz\u00f3l\u00f3 1999. \u00e9vi LXXVI. t\u00f6rv\u00e9ny szerinti szerz\u0151i jogi v\u00e9delem alatt \u00e1ll.<\/li>\n\n\n\n<li>A Szolg\u00e1ltat\u00f3 jogosult a Megrendel\u0151 adatait nyilv\u00e1ntart\u00e1sban szerepeltetni, azonban azokat harmadik f\u00e9lnek a Megrendel\u0151 \u00edr\u00e1sos j\u00f3v\u00e1hagy\u00e1sa n\u00e9lk\u00fcl nem adhatja \u00e1t. Kiv\u00e9telt k\u00e9pez a t\u00f6rv\u00e9nyi k\u00f6telezetts\u00e9g adatszolg\u00e1ltat\u00e1sra \u00e9s a VII pont.<\/li>\n\n\n\n<li>A Szolg\u00e1ltat\u00f3 jogosul a Felhaszn\u00e1l\u00f3 \u00e1ltal \u00edrt oktat\u00e1si anyag \u00e9rt\u00e9kel\u00e9seit, nev\u00e9t \u00e9s profilk\u00e9p\u00e9t felhaszn\u00e1lni a szolg\u00e1ltat\u00e1s n\u00e9pszer\u0171s\u00edt\u00e9se \u00e9rdek\u00e9ben.<\/li>\n\n\n\n<li>A Szolg\u00e1ltat\u00f3 jogosult a Felhaszn\u00e1l\u00f3 \u00e1ltal megv\u00e1s\u00e1rolt oktat\u00e1si anyagokat m\u00f3dos\u00edtani (tartalom, \u00e1r, stb.). A m\u00f3dos\u00edt\u00e1sokr\u00f3l a Szolg\u00e1ltat\u00f3 a Felhaszn\u00e1l\u00f3t nem k\u00f6teles \u00e9rtes\u00edteni. A Felhaszn\u00e1l\u00f3t k\u00e1rt\u00e9r\u00edt\u00e9s a m\u00f3dos\u00edt\u00e1sok sor\u00e1n v\u00e9gzett v\u00e1ltoztat\u00e1sok miatt nem illeti meg.<\/li>\n<\/ol>\n\n\n\n<h1 class=\"wp-block-heading\" id=\"h_89876995854121695322692213\">V. Felel\u0151ss\u00e9g<\/h1>\n\n\n\n<ol class=\"wp-block-list\">\n<li>Hib\u00e1s teljes\u00edt\u00e9s eset\u00e9n a Felhaszn\u00e1l\u00f3 k\u00e9rhet az \u00e9rintett id\u0151szakra egyszeri \u00e1rlesz\u00e1ll\u00edt\u00e1st, vagy rendk\u00edv\u00fcli felmond\u00e1ssal megsz\u00fcntetheti a szerz\u0151d\u00e9st.<\/li>\n\n\n\n<li>A Szolg\u00e1ltat\u00f3 nem v\u00e1llal felel\u0151ss\u00e9get semmilyen k\u00f6zvetett vagy k\u00f6zvetlen k\u00e1r\u00e9rt (p\u00e9ld\u00e1ul, de nem kiz\u00e1r\u00f3lagosan felsorolva, \u00edgy egy\u00e9b lehet\u0151s\u00e9get sem kiz\u00e1rva: adatveszt\u00e9s, \u00fczleti haszon elmarad\u00e1sa, \u00fczleti tev\u00e9kenys\u00e9g f\u00e9lbeszakad\u00e1sa, egy\u00e9b anyagi vesztes\u00e9gek), mely a Szolg\u00e1ltat\u00e1s haszn\u00e1lat\u00e1b\u00f3l vagy esetleges g\u00e1tolt m\u0171k\u00f6d\u00e9s\u00e9b\u0151l ered, nem ide \u00e9rtve a Ptk. 6:526. \u00a7-ban foglaltakat.<\/li>\n\n\n\n<li>Szolg\u00e1ltat\u00f3 nem v\u00e1llal felel\u0151ss\u00e9get a Szolg\u00e1ltat\u00e1s \u00e9s a hozz\u00e1 kapcsol\u00f3d\u00f3 egy\u00e9b weboldalak folyamatos, hibamentes m\u0171k\u00f6d\u00e9s\u00e9\u00e9rt, vagy v\u00edrusokt\u00f3l \u00e9s egy\u00e9b k\u00e1rtev\u0151kt\u0151l val\u00f3 mentess\u00e9g\u00e9\u00e9rt. Szolg\u00e1ltat\u00f3t nem terheli felel\u0151ss\u00e9g a Felhaszn\u00e1l\u00f3 \u00e1ltal a Szolg\u00e1ltat\u00e1s haszn\u00e1lata sor\u00e1n, az interneten tov\u00e1bb\u00edtott adatok esetleges elveszt\u00e9s\u00e9\u00e9rt.<\/li>\n\n\n\n<li>A Szolg\u00e1ltat\u00f3 a Felhaszn\u00e1l\u00f3k \u00e1ltal okozott k\u00e1rok\u00e9rt, kimarad\u00e1sok\u00e9rt, stb. nem tehet\u0151 felel\u0151ss\u00e9.<\/li>\n\n\n\n<li>A Szolg\u00e1ltat\u00f3 k\u00e1rt\u00e9r\u00edt\u00e9si felel\u0151ss\u00e9ge a Szolg\u00e1ltat\u00e1s d\u00edj\u00e1nak m\u00e9rt\u00e9k\u00e9ig terjed.<\/li>\n\n\n\n<li>A Szolg\u00e1ltat\u00f3 felh\u00edvja a Felhaszn\u00e1l\u00f3 figyelm\u00e9t arra, hogy jelen honlapon ny\u00fajtott szolg\u00e1ltat\u00e1sokat saj\u00e1t kock\u00e1zat\u00e1ra veszi ig\u00e9nybe.<\/li>\n<\/ol>\n\n\n\n<h1 class=\"wp-block-heading\" id=\"h_14217226155791695322705815\">VI. Karbantart\u00e1s<\/h1>\n\n\n\n<ol class=\"wp-block-list\">\n<li>A Szolg\u00e1ltat\u00f3, hogy szolg\u00e1ltat\u00e1sait a Megrendel\u0151 \u00e9s a Felhaszn\u00e1l\u00f3k sz\u00e1m\u00e1ra a legmagasabb sz\u00ednvonalon tudja ny\u00fajtani, online fel\u00fclet\u00e9n rendszeres karbantart\u00e1st v\u00e9gez, mely a szolg\u00e1ltat\u00e1s korl\u00e1toz\u00e1s\u00e1val vagy sz\u00fcnetel\u00e9s\u00e9vel j\u00e1rhat. A karbantart\u00e1si munk\u00e1latokat&nbsp; lehet\u0151s\u00e9g szerint, de nem kiz\u00e1r\u00f3lag 22.00-06.00 \u00f3ra k\u00f6z\u00f6tt v\u00e9gzi.<\/li>\n\n\n\n<li>A Szolg\u00e1ltat\u00f3 a karbantart\u00e1ssal \u00f6sszef\u00fcgg\u00e9sben keletkez\u0151 semmilyen k\u00e1r\u00e9rt felel\u0151ss\u00e9get nem v\u00e1llal.<\/li>\n\n\n\n<li>A Szolg\u00e1ltat\u00f3 m\u0171szaki hibabejelent\u0151 szolg\u00e1ltat\u00e1st m\u0171k\u00f6dtet az al\u00e1bbi e-mail c\u00edmen: tudastar@magyarjogaakademia.hu<\/li>\n\n\n\n<li>A Szolg\u00e1ltat\u00f3 nem v\u00e1llal semminem\u0171 felel\u0151ss\u00e9get a szolg\u00e1ltat\u00e1s olyan akadoz\u00e1s\u00e1\u00e9rt, sz\u00fcnetel\u00e9s\u00e9rt \u00e9s az ebb\u0151l ered\u0151 b\u00e1rminem\u0171 k\u00e1r\u00e9rt, mely olyan m\u0171szaki, infrastruktur\u00e1lis okb\u00f3l k\u00f6vetkezett be, mely \u00e9rdekk\u00f6r\u00e9n k\u00edv\u00fcl esik (pl. \u00e1ramsz\u00fcnet, stb.), tov\u00e1bb\u00e1 amely 22.00-06.00 \u00f3ra k\u00f6z\u00f6tt v\u00e9gzett karbantart\u00e1si munk\u00e1latok miatt \u00e9s ezen id\u0151 alatt k\u00f6vetkezett be.<\/li>\n<\/ol>\n\n\n\n<h1 class=\"wp-block-heading\" id=\"h_54245837157451695322743442\">VII. Adatkezel\u00e9s<\/h1>\n\n\n\n<ol class=\"wp-block-list\">\n<li>A Szolg\u00e1ltat\u00f3 k\u00f6teles a Szolg\u00e1ltat\u00e1sban t\u00e1rolt adatok kezel\u00e9s\u00e9t t\u00f6rv\u00e9nyes m\u00f3don ell\u00e1tni.<\/li>\n\n\n\n<li>A Szolg\u00e1ltat\u00e1s haszn\u00e1lata sor\u00e1n a Szolg\u00e1ltat\u00f3 technikai okokb\u00f3l automatikusan r\u00f6gz\u00edtheti a Felhaszn\u00e1l\u00f3k IP c\u00edm\u00e9t, az \u00e1ltala haszn\u00e1lt oper\u00e1ci\u00f3s rendszer \u00e9s b\u00f6ng\u00e9sz\u0151program t\u00edpus\u00e1t \u00e9s m\u00e1s inform\u00e1ci\u00f3kat. Ezen adatok napl\u00f3z\u00e1s\u00e1t a rendszer folyamatosan v\u00e9gzi. Az \u00edgy nyert adatokhoz a Felhaszn\u00e1l\u00f3k nem, csak a Szolg\u00e1ltat\u00f3 f\u00e9r hozz\u00e1.<\/li>\n\n\n\n<li>A fenti inform\u00e1ci\u00f3kat Szolg\u00e1ltat\u00f3 kiz\u00e1r\u00f3lag a Szolg\u00e1ltat\u00e1s technikai \u00fczemeltet\u00e9se \u00e9rdek\u00e9ben, valamint statisztikai c\u00e9lokra haszn\u00e1lja fel.<\/li>\n\n\n\n<li>Felhaszn\u00e1l\u00f3 adatai, a t\u00e1rhelyen \u00e9s adatb\u00e1zisokban t\u00e1rolt inform\u00e1ci\u00f3k felhaszn\u00e1lhat\u00f3ak a Felhaszn\u00e1l\u00f3 \u00e9s Szolg\u00e1ltat\u00f3 k\u00f6z\u00f6tt felmer\u00fcl\u0151 k\u00e9rd\u00e9sek, vit\u00e1k megold\u00e1sakor.<\/li>\n<\/ol>\n\n\n\n<h1 class=\"wp-block-heading\" id=\"h_91765807659701695322793353\">VIII. El\u00e1ll\u00e1si jog, j\u00f3t\u00e1ll\u00e1s<\/h1>\n\n\n\n<ol class=\"wp-block-list\">\n<li>A Szolg\u00e1ltat\u00f3 felh\u00edvja a Felhaszn\u00e1l\u00f3k figyelm\u00e9t, hogy tekintettel arra, hogy a Term\u00e9k term\u00e9szet\u00e9n\u00e9l fogva nem szolg\u00e1ltathat\u00f3 vissza, valamint a t\u00e1vollev\u0151k k\u00f6z\u00f6tt k\u00f6t\u00f6tt szerz\u0151d\u00e9sekr\u0151l sz\u00f3l\u00f3 17\/1999. (II. 5.) Korm. Rendelet 5. \u00a7 d) pontj\u00e1ra, az eml\u00edtett Korm. Rendelet 4. \u00a7 \u00e9s 5. \u00a7 szerinti el\u00e1ll\u00e1si jog a Felhaszn\u00e1l\u00f3t nem illeti meg. A sikeres d\u00edjbefizet\u00e9st k\u00f6vet\u0151en visszat\u00e9r\u00edt\u00e9sre semmilyen k\u00f6r\u00fclm\u00e9nyek k\u00f6z\u00f6tt nincsen m\u00f3d.<\/li>\n\n\n\n<li>Tekintettel arra, hogy a term\u00e9kek elektronikus \u00faton ker\u00fclnek \u00e1tad\u00e1sra, \u00edgy azok\u00e9rt az \u00dczemeltet\u0151 j\u00f3t\u00e1ll\u00e1st nem v\u00e1llal.<\/li>\n<\/ol>\n\n\n\n<h1 class=\"wp-block-heading\" id=\"h_99011028861341695322816688\">IX. Szerz\u0151d\u00e9s megsz\u0171n\u00e9se<\/h1>\n\n\n\n<ol class=\"wp-block-list\">\n<li>A jelen Szerz\u0151d\u00e9s megsz\u0171nik, amennyiben a Szolg\u00e1ltat\u00f3 vagy a Felhaszn\u00e1l\u00f3 t\u00f6rli mag\u00e1t a Szolg\u00e1ltat\u00f3 Felhaszn\u00e1l\u00f3i k\u00f6z\u00fcl, valamint, ha a Szolg\u00e1ltat\u00f3 vagy a Felhaszn\u00e1l\u00f3 megsz\u0171nik.<\/li>\n\n\n\n<li>B\u00e1rmelyik f\u00e9l jogosult a jelen Szerz\u0151d\u00e9st azonnali hat\u00e1llyal felmondani, amennyiben a m\u00e1sik F\u00e9l a jelen Szerz\u0151d\u00e9si Felt\u00e9telekben foglalt k\u00f6telezetts\u00e9g\u00e9t s\u00falyosan megszegi.<\/li>\n<\/ol>\n\n\n\n<h1 class=\"wp-block-heading\" id=\"h_2044850563251695322839159\">X. Vis maior<\/h1>\n\n\n\n<ol class=\"wp-block-list\">\n<li>Egyik f\u00e9l sem felel a szerz\u0151d\u00e9sben foglalt k\u00f6telezetts\u00e9g teljes\u00edt\u00e9s\u00e9\u00e9rt azon esetekben, amikor a felek \u00e9rdekk\u00f6r\u00e9n k\u00edv\u00fcl es\u0151 elh\u00e1r\u00edthatatlan esem\u00e9ny mer\u00fcl fel. Ilyen k\u00f6r\u00fclm\u00e9nynek tekintend\u0151 p\u00e9ld\u00e1ul: term\u00e9szeti katasztr\u00f3fa, t\u0171z, \u00e1rad\u00e1s, hat\u00f3s\u00e1g rendelkez\u00e9se, sz\u00fcks\u00e9g\u00e1llapot, l\u00e1zad\u00e1s, polg\u00e1rh\u00e1bor\u00fa, h\u00e1bor\u00fa, sztr\u00e1jk vagy hasonl\u00f3 munkabesz\u00fcntet\u00e9s, szervert\u00e1mad\u00e1s, hacker t\u00e1mad\u00e1sok, jogosulatlan hozz\u00e1f\u00e9r\u00e9sek stb.<\/li>\n\n\n\n<li>Ha Vis Major esem\u00e9ny miatt a sz\u00fcnetel\u00e9s id\u0151tartama meghaladja a k\u00e9t h\u00f3napot, b\u00e1rmelyik F\u00e9l jogosult a Szerz\u0151d\u00e9st azonnali hat\u00e1llyal felmondani.<\/li>\n\n\n\n<li>A teljes\u00edtett szolg\u00e1ltat\u00e1sok sz\u00e1ml\u00e1j\u00e1nak kiegyenl\u00edt\u00e9se al\u00f3l a Vis Major k\u00f6rbe tartoz\u00f3 esem\u00e9nyek sem jelentenek mentess\u00e9get, az \u00fcgyf\u00e9l nem jogosult k\u00e1rt\u00e9r\u00edt\u00e9sre.<\/li>\n<\/ol>\n\n\n\n<h1 class=\"wp-block-heading\" id=\"h_4720347064871695322851620\">XI. Z\u00e1r\u00f3 rendelkez\u00e9sek<\/h1>\n\n\n\n<ol class=\"wp-block-list\">\n<li>A jelen szerz\u0151d\u00e9sben nem szab\u00e1lyozott k\u00e9rd\u00e9sekben a Polg\u00e1ri T\u00f6rv\u00e9nyk\u00f6nyv rendelkez\u00e9sei az ir\u00e1nyad\u00f3ak.<\/li>\n\n\n\n<li>B\u00e1rmely, a Felek k\u00f6z\u00f6tti jogviszonyb\u00f3l ered\u0151, vagy azzal kapcsolatos jogvit\u00e1t &#8211; bele\u00e9rtve az annak l\u00e9tez\u00e9s\u00e9re, \u00e9rv\u00e9nyess\u00e9g\u00e9re, vagy megsz\u0171n\u00e9s\u00e9re vonatkoz\u00f3 k\u00e9rd\u00e9seket is &#8211; a Megrendel\u0151 \u00e9s a Szolg\u00e1ltat\u00f3, illetve Szolg\u00e1ltat\u00f3 \u00e9s a Felhaszn\u00e1l\u00f3 igyekeznek b\u00edr\u00f3s\u00e1gi \u00faton k\u00edv\u00fcl, t\u00e1rgyal\u00e1sos \u00faton megoldani.<\/li>\n\n\n\n<li>Amennyiben a jelen Szerz\u0151d\u00e9si Felt\u00e9telek valamely rendelkez\u00e9se \u00e9rv\u00e9nytelenn\u00e9 vagy hat\u00e1lytalann\u00e1 v\u00e1lik, az a t\u00f6bbi Szerz\u0151d\u00e9si Felt\u00e9tel \u00e9rv\u00e9ny\u00e9t vagy hat\u00e1ly\u00e1t nem \u00e9rinti, kiv\u00e9ve, ha ezen rendelkez\u00e9s n\u00e9lk\u00fcl a Felek a szerz\u0151d\u00e9st nem k\u00f6t\u00f6tt\u00e9k volna meg.<\/li>\n<\/ol>\n\n\n\n<h1 class=\"wp-block-heading\" id=\"h_72900235267621695322870571\">XII. Kapcsolattart\u00e1s<\/h1>\n\n\n\n<ol class=\"wp-block-list\">\n<li>1. A Felek kijelentik, hogy elfogadj\u00e1k az elektronikus lev\u00e9l (e-mail) \u00fatj\u00e1n t\u00f6rt\u00e9n\u0151 kapcsolattart\u00e1st, mint a kapcsolattart\u00e1s hivatalos \u00fatj\u00e1t. A Szolg\u00e1ltat\u00f3 kapcsolattart\u00e1sra fenntartott e-mail c\u00edme: tudastar@magyarjogaakademia.hu<\/li>\n\n\n\n<li>A Felek a jelen Szerz\u0151d\u00e9si Felt\u00e9telek hat\u00e1lya alatt kapcsolattart\u00f3ik \u00fatj\u00e1n egy\u00fcttm\u0171k\u00f6dnek, k\u00f6telesek egym\u00e1st halad\u00e9ktalanul t\u00e1j\u00e9koztatni a jelen szerz\u0151d\u00e9st \u00e9rint\u0151 l\u00e9nyeges k\u00f6r\u00fclm\u00e9nyekr\u0151l, azok megv\u00e1ltoz\u00e1s\u00e1r\u00f3l.<\/li>\n<\/ol>","protected":false},"excerpt":{"rendered":"<p>Tartalom I. Felek I.1 Szolg\u00e1ltat\u00f3 adatai I.2 Felhaszn\u00e1l\u00f3 II. \u00c1SZF c\u00e9lja, hat\u00e1lya \u00e9s k\u00f6zz\u00e9t\u00e9tele III. A Szolg\u00e1ltat\u00e1s ig\u00e9nybe v\u00e9tele III.1 Szolg\u00e1ltat\u00e1sok III.1.1 Online tartalmak III.1.2 Programok III.1.3 Tags\u00e1g III.2. Regisztr\u00e1ci\u00f3 III.3 D\u00edjfizet\u00e9s III.4 Ism\u00e9tl\u0151d\u0151 bankk\u00e1rty\u00e1s fizet\u00e9s III.5 A szolg\u00e1ltat\u00e1s haszn\u00e1lata III.5.1 Online tartalmak III.5.2 Jelenl\u00e9ti programok IV. A Szolg\u00e1ltat\u00f3 jogai \u00e9s k\u00f6telezetts\u00e9gei V. Felel\u0151ss\u00e9g VI. [&hellip;]<\/p>","protected":false},"author":2,"featured_media":0,"parent":0,"menu_order":0,"comment_status":"closed","ping_status":"closed","template":"","meta":{"site-sidebar-layout":"default","site-content-layout":"","ast-site-content-layout":"default","site-content-style":"default","site-sidebar-style":"default","ast-global-header-display":"","ast-banner-title-visibility":"","ast-main-header-display":"","ast-hfb-above-header-display":"","ast-hfb-below-header-display":"","ast-hfb-mobile-header-display":"","site-post-title":"","ast-breadcrumbs-content":"","ast-featured-img":"","footer-sml-layout":"","theme-transparent-header-meta":"","adv-header-id-meta":"","stick-header-meta":"","header-above-stick-meta":"","header-main-stick-meta":"","header-below-stick-meta":"","astra-migrate-meta-layouts":"set","ast-page-background-enabled":"default","ast-page-background-meta":{"desktop":{"background-color":"","background-image":"","background-repeat":"repeat","background-position":"center center","background-size":"auto","background-attachment":"scroll","background-type":"","background-media":"","overlay-type":"","overlay-color":"","overlay-opacity":"","overlay-gradient":""},"tablet":{"background-color":"","background-image":"","background-repeat":"repeat","background-position":"center center","background-size":"auto","background-attachment":"scroll","background-type":"","background-media":"","overlay-type":"","overlay-color":"","overlay-opacity":"","overlay-gradient":""},"mobile":{"background-color":"","background-image":"","background-repeat":"repeat","background-position":"center center","background-size":"auto","background-attachment":"scroll","background-type":"","background-media":"","overlay-type":"","overlay-color":"","overlay-opacity":"","overlay-gradient":""}},"ast-content-background-meta":{"desktop":{"background-color":"var(--ast-global-color-5)","background-image":"","background-repeat":"repeat","background-position":"center center","background-size":"auto","background-attachment":"scroll","background-type":"","background-media":"","overlay-type":"","overlay-color":"","overlay-opacity":"","overlay-gradient":""},"tablet":{"background-color":"var(--ast-global-color-5)","background-image":"","background-repeat":"repeat","background-position":"center center","background-size":"auto","background-attachment":"scroll","background-type":"","background-media":"","overlay-type":"","overlay-color":"","overlay-opacity":"","overlay-gradient":""},"mobile":{"background-color":"var(--ast-global-color-5)","background-image":"","background-repeat":"repeat","background-position":"center center","background-size":"auto","background-attachment":"scroll","background-type":"","background-media":"","overlay-type":"","overlay-color":"","overlay-opacity":"","overlay-gradient":""}},"footnotes":""},"class_list":["post-2718","page","type-page","status-publish","hentry"],"yoast_head":"<!-- This site is optimized with the Yoast SEO plugin v23.9 - https:\/\/yoast.com\/wordpress\/plugins\/seo\/ -->\n<title>\u00c1ltal\u00e1nos szerz\u0151d\u00e9si felt\u00e9telek | Magyar J\u00f3ga Akad\u00e9mia<\/title>\n<meta name=\"robots\" content=\"index, follow, max-snippet:-1, max-image-preview:large, max-video-preview:-1\" \/>\n<link rel=\"canonical\" href=\"https:\/\/magyarjogaakademia.hu\/en\/aszf\/\" \/>\n<meta property=\"og:locale\" content=\"en_GB\" \/>\n<meta property=\"og:type\" content=\"article\" \/>\n<meta property=\"og:title\" content=\"\u00c1ltal\u00e1nos szerz\u0151d\u00e9si felt\u00e9telek | Magyar J\u00f3ga Akad\u00e9mia\" \/>\n<meta property=\"og:description\" content=\"Tartalom I. Felek I.1 Szolg\u00e1ltat\u00f3 adatai I.2 Felhaszn\u00e1l\u00f3 II. \u00c1SZF c\u00e9lja, hat\u00e1lya \u00e9s k\u00f6zz\u00e9t\u00e9tele III. A Szolg\u00e1ltat\u00e1s ig\u00e9nybe v\u00e9tele III.1 Szolg\u00e1ltat\u00e1sok III.1.1 Online tartalmak III.1.2 Programok III.1.3 Tags\u00e1g III.2. Regisztr\u00e1ci\u00f3 III.3 D\u00edjfizet\u00e9s III.4 Ism\u00e9tl\u0151d\u0151 bankk\u00e1rty\u00e1s fizet\u00e9s III.5 A szolg\u00e1ltat\u00e1s haszn\u00e1lata III.5.1 Online tartalmak III.5.2 Jelenl\u00e9ti programok IV. A Szolg\u00e1ltat\u00f3 jogai \u00e9s k\u00f6telezetts\u00e9gei V. Felel\u0151ss\u00e9g VI. [&hellip;]\" \/>\n<meta property=\"og:url\" content=\"https:\/\/magyarjogaakademia.hu\/en\/aszf\/\" \/>\n<meta property=\"og:site_name\" content=\"Magyar J\u00f3ga Akad\u00e9mia\" \/>\n<meta property=\"article:publisher\" content=\"https:\/\/www.facebook.com\/MagyarJogaAkademia\" \/>\n<meta property=\"article:modified_time\" content=\"2023-09-29T12:45:10+00:00\" \/>\n<meta name=\"twitter:card\" content=\"summary_large_image\" \/>\n<meta name=\"twitter:label1\" content=\"Estimated reading time\" \/>\n\t<meta name=\"twitter:data1\" content=\"14 minutes\" \/>\n<script type=\"application\/ld+json\" class=\"yoast-schema-graph\">{\"@context\":\"https:\/\/schema.org\",\"@graph\":[{\"@type\":\"WebPage\",\"@id\":\"https:\/\/magyarjogaakademia.hu\/aszf\/\",\"url\":\"https:\/\/magyarjogaakademia.hu\/aszf\/\",\"name\":\"\u00c1ltal\u00e1nos szerz\u0151d\u00e9si felt\u00e9telek | Magyar J\u00f3ga Akad\u00e9mia\",\"isPartOf\":{\"@id\":\"https:\/\/magyarjogaakademia.hu\/#website\"},\"datePublished\":\"2023-09-29T12:45:09+00:00\",\"dateModified\":\"2023-09-29T12:45:10+00:00\",\"breadcrumb\":{\"@id\":\"https:\/\/magyarjogaakademia.hu\/aszf\/#breadcrumb\"},\"inLanguage\":\"en-GB\",\"potentialAction\":[{\"@type\":\"ReadAction\",\"target\":[\"https:\/\/magyarjogaakademia.hu\/aszf\/\"]}]},{\"@type\":\"BreadcrumbList\",\"@id\":\"https:\/\/magyarjogaakademia.hu\/aszf\/#breadcrumb\",\"itemListElement\":[{\"@type\":\"ListItem\",\"position\":1,\"name\":\"Kezd\u0151lap\",\"item\":\"https:\/\/magyarjogaakademia.hu\/\"},{\"@type\":\"ListItem\",\"position\":2,\"name\":\"\u00c1ltal\u00e1nos szerz\u0151d\u00e9si felt\u00e9telek\"}]},{\"@type\":\"WebSite\",\"@id\":\"https:\/\/magyarjogaakademia.hu\/#website\",\"url\":\"https:\/\/magyarjogaakademia.hu\/\",\"name\":\"Magyar J\u00f3ga Akad\u00e9mia\",\"description\":\"Ahol a j\u00f3ga trad\u00edci\u00f3 \u00e9s a tudom\u00e1ny tal\u00e1lkozik.\",\"publisher\":{\"@id\":\"https:\/\/magyarjogaakademia.hu\/#organization\"},\"potentialAction\":[{\"@type\":\"SearchAction\",\"target\":{\"@type\":\"EntryPoint\",\"urlTemplate\":\"https:\/\/magyarjogaakademia.hu\/?s={search_term_string}\"},\"query-input\":{\"@type\":\"PropertyValueSpecification\",\"valueRequired\":true,\"valueName\":\"search_term_string\"}}],\"inLanguage\":\"en-GB\"},{\"@type\":\"Organization\",\"@id\":\"https:\/\/magyarjogaakademia.hu\/#organization\",\"name\":\"Magyar J\u00f3ga Akad\u00e9mia\",\"url\":\"https:\/\/magyarjogaakademia.hu\/\",\"logo\":{\"@type\":\"ImageObject\",\"inLanguage\":\"en-GB\",\"@id\":\"https:\/\/magyarjogaakademia.hu\/#\/schema\/logo\/image\/\",\"url\":\"https:\/\/magyarjogaakademia.hu\/wp-content\/uploads\/2023\/05\/magyar-joga-akademia-logo.png\",\"contentUrl\":\"https:\/\/magyarjogaakademia.hu\/wp-content\/uploads\/2023\/05\/magyar-joga-akademia-logo.png\",\"width\":524,\"height\":498,\"caption\":\"Magyar J\u00f3ga Akad\u00e9mia\"},\"image\":{\"@id\":\"https:\/\/magyarjogaakademia.hu\/#\/schema\/logo\/image\/\"},\"sameAs\":[\"https:\/\/www.facebook.com\/MagyarJogaAkademia\",\"https:\/\/www.youtube.com\/@magyarjogaakademia\"]}]}<\/script>\n<!-- \/ Yoast SEO plugin. -->","yoast_head_json":{"title":"\u00c1ltal\u00e1nos szerz\u0151d\u00e9si felt\u00e9telek | Magyar J\u00f3ga Akad\u00e9mia","robots":{"index":"index","follow":"follow","max-snippet":"max-snippet:-1","max-image-preview":"max-image-preview:large","max-video-preview":"max-video-preview:-1"},"canonical":"https:\/\/magyarjogaakademia.hu\/en\/aszf\/","og_locale":"en_GB","og_type":"article","og_title":"\u00c1ltal\u00e1nos szerz\u0151d\u00e9si felt\u00e9telek | Magyar J\u00f3ga Akad\u00e9mia","og_description":"Tartalom I. Felek I.1 Szolg\u00e1ltat\u00f3 adatai I.2 Felhaszn\u00e1l\u00f3 II. \u00c1SZF c\u00e9lja, hat\u00e1lya \u00e9s k\u00f6zz\u00e9t\u00e9tele III. A Szolg\u00e1ltat\u00e1s ig\u00e9nybe v\u00e9tele III.1 Szolg\u00e1ltat\u00e1sok III.1.1 Online tartalmak III.1.2 Programok III.1.3 Tags\u00e1g III.2. Regisztr\u00e1ci\u00f3 III.3 D\u00edjfizet\u00e9s III.4 Ism\u00e9tl\u0151d\u0151 bankk\u00e1rty\u00e1s fizet\u00e9s III.5 A szolg\u00e1ltat\u00e1s haszn\u00e1lata III.5.1 Online tartalmak III.5.2 Jelenl\u00e9ti programok IV. A Szolg\u00e1ltat\u00f3 jogai \u00e9s k\u00f6telezetts\u00e9gei V. Felel\u0151ss\u00e9g VI. [&hellip;]","og_url":"https:\/\/magyarjogaakademia.hu\/en\/aszf\/","og_site_name":"Magyar J\u00f3ga Akad\u00e9mia","article_publisher":"https:\/\/www.facebook.com\/MagyarJogaAkademia","article_modified_time":"2023-09-29T12:45:10+00:00","twitter_card":"summary_large_image","twitter_misc":{"Estimated reading time":"14 minutes"},"schema":{"@context":"https:\/\/schema.org","@graph":[{"@type":"WebPage","@id":"https:\/\/magyarjogaakademia.hu\/aszf\/","url":"https:\/\/magyarjogaakademia.hu\/aszf\/","name":"\u00c1ltal\u00e1nos szerz\u0151d\u00e9si felt\u00e9telek | Magyar J\u00f3ga Akad\u00e9mia","isPartOf":{"@id":"https:\/\/magyarjogaakademia.hu\/#website"},"datePublished":"2023-09-29T12:45:09+00:00","dateModified":"2023-09-29T12:45:10+00:00","breadcrumb":{"@id":"https:\/\/magyarjogaakademia.hu\/aszf\/#breadcrumb"},"inLanguage":"en-GB","potentialAction":[{"@type":"ReadAction","target":["https:\/\/magyarjogaakademia.hu\/aszf\/"]}]},{"@type":"BreadcrumbList","@id":"https:\/\/magyarjogaakademia.hu\/aszf\/#breadcrumb","itemListElement":[{"@type":"ListItem","position":1,"name":"Kezd\u0151lap","item":"https:\/\/magyarjogaakademia.hu\/"},{"@type":"ListItem","position":2,"name":"\u00c1ltal\u00e1nos szerz\u0151d\u00e9si felt\u00e9telek"}]},{"@type":"WebSite","@id":"https:\/\/magyarjogaakademia.hu\/#website","url":"https:\/\/magyarjogaakademia.hu\/","name":"Magyar J\u00f3ga Akad\u00e9mia","description":"Ahol a j\u00f3ga trad\u00edci\u00f3 \u00e9s a tudom\u00e1ny tal\u00e1lkozik.","publisher":{"@id":"https:\/\/magyarjogaakademia.hu\/#organization"},"potentialAction":[{"@type":"SearchAction","target":{"@type":"EntryPoint","urlTemplate":"https:\/\/magyarjogaakademia.hu\/?s={search_term_string}"},"query-input":{"@type":"PropertyValueSpecification","valueRequired":true,"valueName":"search_term_string"}}],"inLanguage":"en-GB"},{"@type":"Organization","@id":"https:\/\/magyarjogaakademia.hu\/#organization","name":"Magyar J\u00f3ga Akad\u00e9mia","url":"https:\/\/magyarjogaakademia.hu\/","logo":{"@type":"ImageObject","inLanguage":"en-GB","@id":"https:\/\/magyarjogaakademia.hu\/#\/schema\/logo\/image\/","url":"https:\/\/magyarjogaakademia.hu\/wp-content\/uploads\/2023\/05\/magyar-joga-akademia-logo.png","contentUrl":"https:\/\/magyarjogaakademia.hu\/wp-content\/uploads\/2023\/05\/magyar-joga-akademia-logo.png","width":524,"height":498,"caption":"Magyar J\u00f3ga Akad\u00e9mia"},"image":{"@id":"https:\/\/magyarjogaakademia.hu\/#\/schema\/logo\/image\/"},"sameAs":["https:\/\/www.facebook.com\/MagyarJogaAkademia","https:\/\/www.youtube.com\/@magyarjogaakademia"]}]}},"_links":{"self":[{"href":"https:\/\/magyarjogaakademia.hu\/en\/wp-json\/wp\/v2\/pages\/2718","targetHints":{"allow":["GET"]}}],"collection":[{"href":"https:\/\/magyarjogaakademia.hu\/en\/wp-json\/wp\/v2\/pages"}],"about":[{"href":"https:\/\/magyarjogaakademia.hu\/en\/wp-json\/wp\/v2\/types\/page"}],"author":[{"embeddable":true,"href":"https:\/\/magyarjogaakademia.hu\/en\/wp-json\/wp\/v2\/users\/2"}],"replies":[{"embeddable":true,"href":"https:\/\/magyarjogaakademia.hu\/en\/wp-json\/wp\/v2\/comments?post=2718"}],"version-history":[{"count":0,"href":"https:\/\/magyarjogaakademia.hu\/en\/wp-json\/wp\/v2\/pages\/2718\/revisions"}],"wp:attachment":[{"href":"https:\/\/magyarjogaakademia.hu\/en\/wp-json\/wp\/v2\/media?parent=2718"}],"curies":[{"name":"wp","href":"https:\/\/api.w.org\/{rel}","templated":true}]}}